{"id":4792,"date":"2021-03-26T11:00:10","date_gmt":"2021-03-26T11:00:10","guid":{"rendered":"https:\/\/miharencelj.com\/?page_id=4792"},"modified":"2021-11-05T13:54:05","modified_gmt":"2021-11-05T13:54:05","slug":"spletna-vadnica","status":"publish","type":"page","link":"https:\/\/miharencelj.com\/en\/spletna-vadnica\/","title":{"rendered":"Tutorials"},"content":{"rendered":"<div class=\"wpb-content-wrapper\"><div class=\"vc_row wpb_row vc_row-fluid\"><div class=\"wpb_column vc_column_container vc_col-sm-12\"><div class=\"vc_column-inner\"><div class=\"wpb_wrapper\">\t\t<section class=\"tm-slider slider  default-tdt\" id=\"tdt-slider-486\" data-mobiles=\"1\" data-tabs=\"1\" data-slick='{\"arrows\": true, \"autoplaySpeed\": 2500, \"speed\": 500, \"dots\": true, \"autoplay\": true, \"slidesToShow\": 1, \"slidesToScroll\": 1, \"fade\": false}'>\r\n\t\t    \t\t<div class=\"carousel-caption\" style=\"background: none\">\r\n\t\t  <div>\r\n\t\t  \t\t\t\t\t\t\t\t<a>\r\n\t\t\t\t\t\t\t\t\t  \t<img decoding=\"async\" src=\"https:\/\/miharencelj.com\/wp-content\/uploads\/Chopin-prelude-Op9-no-2-.jpg\" alt=\"\" class=\"ultimate-slide-img\" style=\"max-width: 100%;width:;height:;border-radius: 0;margin-bottom: 15px\">\r\n\t\t\t\t\r\n\t\t\t\t<\/a>\r\n\t\t  \t<span class=\"content-section\" style=\"text-align: center;top: 0%\">\r\n\t\t\t  \t<h2 class=\"tdt-slider-heading\" style=\"font-size: 22px;color:;font-weight: normal;line-height: 1\">\r\n\t\t\t  \t\t\t\t\t  \t<\/h2>\r\n\t\t\t  \t\t\t\t\t  \t<span class=\"heading-line\">\r\n\t\t\t\t  \t\t<span class=\"heading-line\" style=\"width: 50px;border-bottom: 0px solid #fff\"><\/span>\r\n\t\t\t\t  \t<\/span>\r\n\t\t\t  \t\t\t\t  \t\r\n\t\t\t  \t<br>\r\n\r\n\t\t\t  \t\t\t\t  \t<span class=\"carousel_btn_span\">\r\n\t\t\t  \t\t<a href=\"https:\/\/youtu.be\/2Q9oJjCIjb0\" target=\"A\" title=\"F. Chopin - Nocturne Op 9. no 2 [Piano Tutorial]\" class=\"ultimate_carousel_btn\" style=\"padding: 10px 30px;font-size: 15px;border-radius: 5px;color: #fff;background-color: #000;text-decoration: none\">\r\n\t\t\t\t  \t\tView\t\t\t\t  \t<\/a>\r\n\t\t\t\t<\/span>\r\n\t\t\t  \t\t\t\t  \t<p>&nbsp;<\/p>\r\n\t\t  \t<\/span>\r\n\t\t  <\/div>\r\n\t\t<\/div>\r\n\t\t\t\t<div class=\"carousel-caption\" style=\"background: none\">\r\n\t\t  <div>\r\n\t\t  \t\t\t\t\t\t\t\t<a>\r\n\t\t\t\t\t\t\t\t\t  \t<img decoding=\"async\" src=\"https:\/\/miharencelj.com\/wp-content\/uploads\/Bach-Prelude-C-Major.jpg\" alt=\"\" class=\"ultimate-slide-img\" style=\"max-width: 100%;width:;height:;border-radius: 0;margin-bottom: 15px\">\r\n\t\t\t\t\r\n\t\t\t\t<\/a>\r\n\t\t  \t<span class=\"content-section\" style=\"text-align: center;top: 0%\">\r\n\t\t\t  \t<h2 class=\"tdt-slider-heading\" style=\"font-size: 22px;color:;font-weight: normal;line-height: 1\">\r\n\t\t\t  \t\t\t\t\t  \t<\/h2>\r\n\t\t\t  \t\t\t\t  \t\r\n\t\t\t  \t<br>\r\n\r\n\t\t\t  \t\t\t\t  \t<span class=\"carousel_btn_span\">\r\n\t\t\t  \t\t<a href=\"https:\/\/youtu.be\/Uju97BNmIp4\" target=\"A\" title=\"J. S. Bach - Prelude in C - Major (BWV 846) &quot;Ave Maria&quot; [Piano Tutorial]\" class=\"ultimate_carousel_btn\" style=\"padding: 10px 30px;font-size: 15px;border-radius: 5px;color: #fff;background-color: #000;text-decoration: none\">\r\n\t\t\t\t  \t\tView\t\t\t\t  \t<\/a>\r\n\t\t\t\t<\/span>\r\n\t\t\t  \t\t\t\t  \t<p>&nbsp;<\/p>\r\n\t\t  \t<\/span>\r\n\t\t  <\/div>\r\n\t\t<\/div>\r\n\t\t\t\t<div class=\"carousel-caption\" style=\"background: none\">\r\n\t\t  <div>\r\n\t\t  \t\t\t\t\t\t\t\t<a>\r\n\t\t\t\t\t\t\t\t\t  \t<img decoding=\"async\" src=\"https:\/\/miharencelj.com\/wp-content\/uploads\/Glass-Methamorphisis-copy-3.jpg\" alt=\"\" class=\"ultimate-slide-img\" style=\"max-width: 100%;width:;height:;border-radius: 0;margin-bottom: 15px\">\r\n\t\t\t\t\r\n\t\t\t\t<\/a>\r\n\t\t  \t<span class=\"content-section\" style=\"text-align: center;top: 0%\">\r\n\t\t\t  \t<h2 class=\"tdt-slider-heading\" style=\"font-size: 22px;color:;font-weight: normal;line-height: 1\">\r\n\t\t\t  \t\t\t\t\t  \t<\/h2>\r\n\t\t\t  \t\t\t\t  \t\r\n\t\t\t  \t<br>\r\n\r\n\t\t\t  \t\t\t\t  \t<span class=\"carousel_btn_span\">\r\n\t\t\t  \t\t<a href=\"https:\/\/youtu.be\/VvIVVg12jo4\" target=\"A\" title=\"P. Glass - Methamorphosis I. [Piano Tutorial]\" class=\"ultimate_carousel_btn\" style=\"padding: 10px 30px;font-size: 15px;border-radius: 5px;color: #fff;background-color: #000;text-decoration: none\">\r\n\t\t\t\t  \t\tView\t\t\t\t  \t<\/a>\r\n\t\t\t\t<\/span>\r\n\t\t\t  \t\t\t\t  \t<p>&nbsp;<\/p>\r\n\t\t  \t<\/span>\r\n\t\t  <\/div>\r\n\t\t<\/div>\r\n\t\t\t\t<div class=\"carousel-caption\" style=\"background: none\">\r\n\t\t  <div>\r\n\t\t  \t\t\t\t\t\t\t\t<a>\r\n\t\t\t\t\t\t\t\t\t  \t<img decoding=\"async\" src=\"https:\/\/miharencelj.com\/wp-content\/uploads\/Robert-schumann-treumerei.jpg\" alt=\"\" class=\"ultimate-slide-img\" style=\"max-width: 100%;width:;height:;border-radius: 0;margin-bottom: 15px\">\r\n\t\t\t\t\r\n\t\t\t\t<\/a>\r\n\t\t  \t<span class=\"content-section\" style=\"text-align: center;top: 0%\">\r\n\t\t\t  \t<h2 class=\"tdt-slider-heading\" style=\"font-size: 22px;color:;font-weight: normal;line-height: 1\">\r\n\t\t\t  \t\t\t\t\t  \t<\/h2>\r\n\t\t\t  \t\t\t\t  \t\r\n\t\t\t  \t<br>\r\n\r\n\t\t\t  \t\t\t\t  \t<span class=\"carousel_btn_span\">\r\n\t\t\t  \t\t<a href=\"https:\/\/youtu.be\/1wNYkWGXYAs\" target=\"A\" title=\"Schumann - Tr\u00e4umerei, &quot;Kinderszenen&quot; No. 7 [Piano Tutorial]\" class=\"ultimate_carousel_btn\" style=\"padding: 10px 30px;font-size: 15px;border-radius: 5px;color: #fff;background-color: #000;text-decoration: none\">\r\n\t\t\t\t  \t\tView\t\t\t\t  \t<\/a>\r\n\t\t\t\t<\/span>\r\n\t\t\t  \t\t\t\t  \t<p>&nbsp;<\/p>\r\n\t\t  \t<\/span>\r\n\t\t  <\/div>\r\n\t\t<\/div>\r\n\t\t\t\t<div class=\"carousel-caption\" style=\"background: none\">\r\n\t\t  <div>\r\n\t\t  \t\t\t\t\t\t\t\t<a>\r\n\t\t\t\t\t\t\t\t\t  \t<img decoding=\"async\" src=\"https:\/\/miharencelj.com\/wp-content\/uploads\/Einaudi-Mattina-copy-2.jpg\" alt=\"\" class=\"ultimate-slide-img\" style=\"max-width: 100%;width:;height:;border-radius: 0;margin-bottom: 15px\">\r\n\t\t\t\t\r\n\t\t\t\t<\/a>\r\n\t\t  \t<span class=\"content-section\" style=\"text-align: center;top: 0%\">\r\n\t\t\t  \t<h2 class=\"tdt-slider-heading\" style=\"font-size: 22px;color:;font-weight: normal;line-height: 1\">\r\n\t\t\t  \t\t\t\t\t  \t<\/h2>\r\n\t\t\t  \t\t\t\t  \t\r\n\t\t\t  \t<br>\r\n\r\n\t\t\t  \t\t\t\t  \t<span class=\"carousel_btn_span\">\r\n\t\t\t  \t\t<a href=\"https:\/\/youtu.be\/2yxg3k0MMvQ\" target=\"A\" title=\"L. Einaudi - Una Mattina [Piano Tutorial]\" class=\"ultimate_carousel_btn\" style=\"padding: 10px 30px;font-size: 15px;border-radius: 5px;color: #fff;background-color: #000;text-decoration: none\">\r\n\t\t\t\t  \t\tView\t\t\t\t  \t<\/a>\r\n\t\t\t\t<\/span>\r\n\t\t\t  \t\t\t\t  \t<p>&nbsp;<\/p>\r\n\t\t  \t<\/span>\r\n\t\t  <\/div>\r\n\t\t<\/div>\r\n\t\t\t\t<div class=\"carousel-caption\" style=\"background: none\">\r\n\t\t  <div>\r\n\t\t  \t\t\t\t\t\t\t\t<a>\r\n\t\t\t\t\t\t\t\t\t  \t<img decoding=\"async\" src=\"https:\/\/miharencelj.com\/wp-content\/uploads\/Beethoven-Fur-ELise.jpg\" alt=\"\" class=\"ultimate-slide-img\" style=\"max-width: 100%;width:;height:;border-radius: 0;margin-bottom: 15px\">\r\n\t\t\t\t\r\n\t\t\t\t<\/a>\r\n\t\t  \t<span class=\"content-section\" style=\"text-align: center;top: 0%\">\r\n\t\t\t  \t<h2 class=\"tdt-slider-heading\" style=\"font-size: 22px;color:;font-weight: normal;line-height: 1\">\r\n\t\t\t  \t\t\t\t\t  \t<\/h2>\r\n\t\t\t  \t\t\t\t  \t\r\n\t\t\t  \t<br>\r\n\r\n\t\t\t  \t\t\t\t  \t<span class=\"carousel_btn_span\">\r\n\t\t\t  \t\t<a href=\"https:\/\/youtu.be\/7Da4CLp3CvQ\" target=\"A\" title=\"L. van Beethoven - F\u00fcr Elise (Simplified version) [Piano Tutorial]\" class=\"ultimate_carousel_btn\" style=\"padding: 10px 30px;font-size: 15px;border-radius: 5px;color: #fff;background-color: #000;text-decoration: none\">\r\n\t\t\t\t  \t\tView\t\t\t\t  \t<\/a>\r\n\t\t\t\t<\/span>\r\n\t\t\t  \t\t\t\t  \t<p>&nbsp;<\/p>\r\n\t\t  \t<\/span>\r\n\t\t  <\/div>\r\n\t\t<\/div>\r\n\t\t\t\t<div class=\"carousel-caption\" style=\"background: none\">\r\n\t\t  <div>\r\n\t\t  \t\t\t\t\t\t\t\t<a>\r\n\t\t\t\t\t\t\t\t\t  \t<img decoding=\"async\" src=\"https:\/\/miharencelj.com\/wp-content\/uploads\/Beethoven-Moonlight-Sonata.jpg\" alt=\"\" class=\"ultimate-slide-img\" style=\"max-width: 100%;width:;height:;border-radius: 0;margin-bottom: 15px\">\r\n\t\t\t\t\r\n\t\t\t\t<\/a>\r\n\t\t  \t<span class=\"content-section\" style=\"text-align: center;top: 0%\">\r\n\t\t\t  \t<h2 class=\"tdt-slider-heading\" style=\"font-size: 22px;color:;font-weight: normal;line-height: 1\">\r\n\t\t\t  \t\t\t\t\t  \t<\/h2>\r\n\t\t\t  \t\t\t\t  \t\r\n\t\t\t  \t<br>\r\n\r\n\t\t\t  \t\t\t\t  \t<span class=\"carousel_btn_span\">\r\n\t\t\t  \t\t<a href=\"https:\/\/www.youtube.com\/watch?v=AiEJMQ9VhKE\" target=\"A\" title=\"L. van Beethoven - Moonlight Sonata 1st Movement [Piano Tutorial]\" class=\"ultimate_carousel_btn\" style=\"padding: 10px 30px;font-size: 15px;border-radius: 5px;color: #fff;background-color: #000;text-decoration: none\">\r\n\t\t\t\t  \t\tView\t\t\t\t  \t<\/a>\r\n\t\t\t\t<\/span>\r\n\t\t\t  \t\t\t\t  \t<p>&nbsp;<\/p>\r\n\t\t  \t<\/span>\r\n\t\t  <\/div>\r\n\t\t<\/div>\r\n\t\t\t\t<div class=\"carousel-caption\" style=\"background: none\">\r\n\t\t  <div>\r\n\t\t  \t\t\t  \t\t<a href=\"https:\/\/youtu.be\/lm2RFlayOjE\" target=\"_blank\" title=\"Y. Tiersen - D&#039;un Autre \u00c9t\u00e9, L&#039;apr\u00e8s - Midi - Am\u00e9lie [Piano Tutorial]\">\t\t\r\n\t\t\t\t\t\t\t\t\t\t\t\t  \t<img decoding=\"async\" src=\"https:\/\/miharencelj.com\/wp-content\/uploads\/Tiersen-Amelie-copy-2.jpg\" alt=\"\" class=\"ultimate-slide-img\" style=\"max-width: 100%;width:;height:;border-radius: 0;margin-bottom: 15px\">\r\n\t\t\t\t\r\n\t\t\t\t<\/a>\r\n\t\t  \t<span class=\"content-section\" style=\"text-align: center;top: 0%\">\r\n\t\t\t  \t<h2 class=\"tdt-slider-heading\" style=\"font-size: 22px;color:;font-weight: normal;line-height: 1\">\r\n\t\t\t  \t\t\t\t\t  \t<\/h2>\r\n\t\t\t  \t\t\t\t  \t\r\n\t\t\t  \t<br>\r\n\r\n\t\t\t  \t\t\t\t  \t<span class=\"carousel_btn_span\">\r\n\t\t\t  \t\t<a href=\"https:\/\/www.youtube.com\/watch?v=AiEJMQ9VhKE\" target=\"A\" title=\"L. van Beethoven - Moonlight Sonata 1st Movement [Piano Tutorial]\" class=\"ultimate_carousel_btn\" style=\"padding: 10px 30px;font-size: 15px;border-radius: 5px;color: #fff;background-color: #000;text-decoration: none\">\r\n\t\t\t\t  \t\tView\t\t\t\t  \t<\/a>\r\n\t\t\t\t<\/span>\r\n\t\t\t  \t\t\t\t  \t<p>&nbsp;<\/p>\r\n\t\t  \t<\/span>\r\n\t\t  <\/div>\r\n\t\t<\/div>\r\n\t\t\t\t<div class=\"carousel-caption\" style=\"background: none\">\r\n\t\t  <div>\r\n\t\t  \t\t\t  \t\t<a href=\"https:\/\/youtu.be\/lm2RFlayOjE\" target=\"_blank\" title=\"Y. Tiersen - D&#039;un Autre \u00c9t\u00e9, L&#039;apr\u00e8s - Midi - Am\u00e9lie [Piano Tutorial]\">\t\t\r\n\t\t\t\t\t\t\t\t\t\t\t\t  \t<img decoding=\"async\" src=\"https:\/\/miharencelj.com\/wp-content\/uploads\/Satie-gymnopedie-1.jpg\" alt=\"\" class=\"ultimate-slide-img\" style=\"max-width: 100%;width:;height:;border-radius: 0;margin-bottom: 15px\">\r\n\t\t\t\t\r\n\t\t\t\t<\/a>\r\n\t\t  \t<span class=\"content-section\" style=\"text-align: center;top: 0%\">\r\n\t\t\t  \t<h2 class=\"tdt-slider-heading\" style=\"font-size: 22px;color:;font-weight: normal;line-height: 1\">\r\n\t\t\t  \t\t\t\t\t  \t<\/h2>\r\n\t\t\t  \t\t\t\t  \t\r\n\t\t\t  \t<br>\r\n\r\n\t\t\t  \t\t\t\t  \t<span class=\"carousel_btn_span\">\r\n\t\t\t  \t\t<a href=\"https:\/\/www.youtube.com\/watch?v=AiEJMQ9VhKE\" target=\"A\" title=\"L. van Beethoven - Moonlight Sonata 1st Movement [Piano Tutorial]\" class=\"ultimate_carousel_btn\" style=\"padding: 10px 30px;font-size: 15px;border-radius: 5px;color: #fff;background-color: #000;text-decoration: none\">\r\n\t\t\t\t  \t\tView\t\t\t\t  \t<\/a>\r\n\t\t\t\t<\/span>\r\n\t\t\t  \t\t\t\t  \t<p>&nbsp;<\/p>\r\n\t\t  \t<\/span>\r\n\t\t  <\/div>\r\n\t\t<\/div>\r\n\t\t\t\t<div class=\"carousel-caption\" style=\"background: none\">\r\n\t\t  <div>\r\n\t\t  \t\t\t  \t\t<a href=\"https:\/\/www.youtube.com\/playlist?list=PLVxda00w90RkZO-aSjr7XsDThccLucJi9\" target=\"_blank\" title=\"Za\u010detnica za klavir\">\t\t\r\n\t\t\t\t\t\t\t\t\t\t\t\t  \t<img decoding=\"async\" src=\"https:\/\/miharencelj.com\/wp-content\/uploads\/Zac\u030cetnica-za-klavir-copy.jpg\" alt=\"\" class=\"ultimate-slide-img\" style=\"max-width: 100%;width:;height:;border-radius: 0;margin-bottom: 15px\">\r\n\t\t\t\t\r\n\t\t\t\t<\/a>\r\n\t\t  \t<span class=\"content-section\" style=\"text-align: center;top: 0%\">\r\n\t\t\t  \t<h2 class=\"tdt-slider-heading\" style=\"font-size: 22px;color:;font-weight: normal;line-height: 1\">\r\n\t\t\t  \t\t\t\t\t  \t<\/h2>\r\n\t\t\t  \t\t\t\t  \t\r\n\t\t\t  \t<br>\r\n\r\n\t\t\t  \t\t\t\t  \t<span class=\"carousel_btn_span\">\r\n\t\t\t  \t\t<a href=\"https:\/\/www.youtube.com\/playlist?list=PLVxda00w90RkZO-aSjr7XsDThccLucJi9\" target=\"A\" title=\"Za\u010detnica za klavir\" class=\"ultimate_carousel_btn\" style=\"padding: 10px 30px;font-size: 15px;border-radius: 5px;color: #fff;background-color: #000;text-decoration: none\">\r\n\t\t\t\t  \t\tView\t\t\t\t  \t<\/a>\r\n\t\t\t\t<\/span>\r\n\t\t\t  \t\t\t\t  \t<p>&nbsp;<\/p>\r\n\t\t  \t<\/span>\r\n\t\t  <\/div>\r\n\t\t<\/div>\r\n\t\t\t\t<\/section>\r\n\r\n\t\t<style>\r\n\t\t\t#tdt-slider-486 .slick-slide {\r\n\t\t\t\tpadding: 0 0px !important;\r\n\t\t\t}\r\n\t\t\t\t\t\t\t#tdt-slider-486 .slick-dots li button:before{\r\n\t\t\t\t\tcolor: #000;\r\n\t\t\t\t\tfont-size: 30px !important;\r\n\t\t\t\t\tborder: 2px solid transparent;\r\n\t\t\t\t}\r\n\t\t\t\t\t\t\t\t\t\t#tdt-slider-486 .slick-next:before, #tdt-slider-486 .slick-prev:before {\r\n\t\t\t\t\tcolor: #000 !important;\r\n\t\t\t\t\tbackground:  !important;\r\n\t\t\t\t\tfont-size: 30px !important;\r\n\t\t\t\t}\r\n\t\t\t\t\t\t\t\t<\/style>\r\n\t\t<\/div><\/div><\/div><\/div><div class=\"vc_row wpb_row vc_row-fluid\"><div class=\"wpb_column vc_column_container vc_col-sm-12\"><div class=\"vc_column-inner\"><div class=\"wpb_wrapper\">\n\t<div class=\"wpb_text_column wpb_content_element\" >\n\t\t<div class=\"wpb_wrapper\">\n\t\t\t<h3 style=\"text-align: center;\">List of Piano Tutorials<\/h3>\n\n\t\t<\/div>\n\t<\/div>\n<\/div><\/div><\/div><\/div><div class=\"vc_row wpb_row vc_row-fluid\"><div class=\"wpb_column vc_column_container vc_col-sm-12 vc_col-xs-12\"><div class=\"vc_column-inner\"><div class=\"wpb_wrapper\">\n\t<div class=\"wpb_text_column wpb_content_element\" >\n\t\t<div class=\"wpb_wrapper\">\n\t\t\t\n<table id=\"tablepress-1\" class=\"tablepress tablepress-id-1\">\n<thead>\n<tr class=\"row-1 odd\">\n\t<th class=\"column-1\">Title<\/th><th class=\"column-2\">Composer<\/th><th class=\"column-3\">First published<\/th><th class=\"column-4\">Style<\/th><th class=\"column-5\">Difficulty<\/th>\n<\/tr>\n<\/thead>\n<tbody class=\"row-hover\">\n<tr class=\"row-2 even\">\n\t<td class=\"column-1\"><a style=\"color: #1985c4;\" href=\"https:\/\/youtu.be\/2Q9oJjCIjb0\" rel=\"noopener\" target=\"_blank\">Nocturne Op 9. no 2<\/a><\/td><td class=\"column-2\"><a style=\"color: #1985c4;\" href=\"https:\/\/en.wikipedia.org\/wiki\/Fr%C3%A9d%C3%A9ric_Chopin\" rel=\"noopener\" target=\"_blank\">Chopin, Fr\u00e9d\u00e9ric <\/a><\/td><td class=\"column-3\">1832<\/td><td class=\"column-4\">Romantic<\/td><td class=\"column-5\">\u2605\u2605\u2605<\/td>\n<\/tr>\n<tr class=\"row-3 odd\">\n\t<td class=\"column-1\"><a style=\"color: #1985c4;\" href=\"https:\/\/youtu.be\/Uju97BNmIp4\" rel=\"noopener\" target=\"_blank\">Prelude in C - Major (BWV 846) \"Ave Maria\"<\/a><\/td><td class=\"column-2\"><a style=\"color: #1985c4;\" href=\"https:\/\/en.wikipedia.org\/wiki\/Johann_Sebastian_Bach\" rel=\"noopener\" target=\"_blank\">Bach, Johann Sebastian <\/a><\/td><td class=\"column-3\">1722<\/td><td class=\"column-4\">Baroque<br \/>\n<\/td><td class=\"column-5\">\u2605\u2605<\/td>\n<\/tr>\n<tr class=\"row-4 even\">\n\t<td class=\"column-1\"><a style=\"color: #1985c4;\" href=\"https:\/\/youtu.be\/VvIVVg12jo4\" rel=\"noopener\" target=\"_blank\">Methamorphosis I.<\/a><\/td><td class=\"column-2\"><a style=\"color: #1985c4;\" href=\"https:\/\/en.wikipedia.org\/wiki\/Philip_Glass\" rel=\"noopener\" target=\"_blank\">Glass, Philip<\/a><\/td><td class=\"column-3\">1989<\/td><td class=\"column-4\">Contemporary Classical, Minimalism<\/td><td class=\"column-5\">\u2605\u2605<\/td>\n<\/tr>\n<tr class=\"row-5 odd\">\n\t<td class=\"column-1\"><a style=\"color: #1985c4;\" href=\"https:\/\/youtu.be\/1wNYkWGXYAs\" rel=\"noopener\" target=\"_blank\">Tr\u00e4umerei, \"Kinderszenen\" No. 7<\/a><\/td><td class=\"column-2\"><a style=\"color: #1985c4;\" href=\"https:\/\/en.wikipedia.org\/wiki\/Robert_Schumann\" rel=\"noopener\" target=\"_blank\">Schumann, Robert <\/a><\/td><td class=\"column-3\">1838<\/td><td class=\"column-4\">Romantic<\/td><td class=\"column-5\">\u2605\u2605\u2605<\/td>\n<\/tr>\n<tr class=\"row-6 even\">\n\t<td class=\"column-1\"><a style=\"color: #1985c4;\" href=\"https:\/\/youtu.be\/iFl3orUxXaE\" rel=\"noopener\" target=\"_blank\">Serenade \"St\u00e4ndchen D.889\"<\/a><\/td><td class=\"column-2\"><a style=\"color: #1985c4;\" href=\"https:\/\/de.wikipedia.org\/wiki\/Franz_Schubert\" rel=\"noopener\" target=\"_blank\">Schubert, Franz <\/a><\/td><td class=\"column-3\">1830<\/td><td class=\"column-4\">Romantic<\/td><td class=\"column-5\">\u2605\u2605\u2605<\/td>\n<\/tr>\n<tr class=\"row-7 odd\">\n\t<td class=\"column-1\"><a style=\"color: #1985c4;\" href=\"https:\/\/youtu.be\/gAEPr8pAQ4A\" rel=\"noopener\" target=\"_blank\">To All The Boys OST; John Ambrose Piano Scene<\/a><\/td><td class=\"column-2\"><a style=\"color: #1985c4;\" href=\"https:\/\/en.wikipedia.org\/wiki\/Jordan_Fisher\" rel=\"noopener\" target=\"_blank\">Fisher, Jordan <\/a><\/td><td class=\"column-3\">2020<\/td><td class=\"column-4\">Contemporary Classical<\/td><td class=\"column-5\">\u2605<\/td>\n<\/tr>\n<tr class=\"row-8 even\">\n\t<td class=\"column-1\"><a style=\"color: #1985c4;\" href=\"https:\/\/youtu.be\/2yxg3k0MMvQ\" rel=\"noopener\" target=\"_blank\">Una Mattina<\/a><\/td><td class=\"column-2\"><a style=\"color: #1985c4;\" href=\"https:\/\/en.wikipedia.org\/wiki\/Ludovico_Einaudi\" rel=\"noopener\" target=\"_blank\">Einaudi, Ludovico <\/a><\/td><td class=\"column-3\">2004<\/td><td class=\"column-4\">Contemporary Classical, Minimalism<\/td><td class=\"column-5\">\u2605\u2605<\/td>\n<\/tr>\n<tr class=\"row-9 odd\">\n\t<td class=\"column-1\"><a style=\"color: #1985c4;\" href=\"https:\/\/youtu.be\/7Da4CLp3CvQ\" rel=\"noopener\" target=\"_blank\">F\u00fcr Elise (simplified)<\/a><\/td><td class=\"column-2\"><a style=\"color: #1985c4;\" href=\"https:\/\/sl.wikipedia.org\/wiki\/Ludwig_van_Beethoven\" rel=\"noopener\" target=\"_blank\">Beethoven, Ludvig van <\/a><\/td><td class=\"column-3\">1867 (posthume)<\/td><td class=\"column-4\">Classical, Romantic<\/td><td class=\"column-5\">\u2605<\/td>\n<\/tr>\n<tr class=\"row-10 even\">\n\t<td class=\"column-1\"><a style=\"color: #1985c4;\" href=\"https:\/\/youtu.be\/AiEJMQ9VhKE\" rel=\"noopener\" target=\"_blank\">Moonlight Sonata 1st Movement<\/a><\/td><td class=\"column-2\"><a style=\"color: #1985c4;\" href=\"https:\/\/sl.wikipedia.org\/wiki\/Ludwig_van_Beethoven\" rel=\"noopener\" target=\"_blank\">Beethoven, Ludvig van <\/a><\/td><td class=\"column-3\">1802<\/td><td class=\"column-4\">Classical, Romantic<\/td><td class=\"column-5\">\u2605\u2605\u2605<\/td>\n<\/tr>\n<tr class=\"row-11 odd\">\n\t<td class=\"column-1\"><a style=\"color: #1985c4;\" href=\"https:\/\/youtu.be\/lm2RFlayOjE\" rel=\"noopener\" target=\"_blank\">Amelie OST: D'un Autre \u00c9t\u00e9, L'apr\u00e8s - Midi<\/a><\/td><td class=\"column-2\"><a style=\"color: #1985c4;\" href=\"https:\/\/en.wikipedia.org\/wiki\/Yann_Tiersen\" rel=\"noopener\" target=\"_blank\">Tiersen, Yann<\/a><\/td><td class=\"column-3\">2001<\/td><td class=\"column-4\">Contemporary Classical <\/td><td class=\"column-5\">\u2605<\/td>\n<\/tr>\n<tr class=\"row-12 even\">\n\t<td class=\"column-1\"><a style=\"color: #1985c4;\" href=\"https:\/\/youtu.be\/pfZab0waNLU\" rel=\"noopener\" target=\"_blank\">Gimnop\u00e9die No. 1<\/a><\/td><td class=\"column-2\"><a style=\"color: #1985c4;\" href=\"https:\/\/sl.wikipedia.org\/wiki\/Erik_Alfred_Leslie_Satie\" rel=\"noopener\" target=\"_blank\">Satie, Eric<\/a><\/td><td class=\"column-3\">1888 <\/td><td class=\"column-4\">Modernism, Impressionism<\/td><td class=\"column-5\">\u2605\u2605<\/td>\n<\/tr>\n<\/tbody>\n<\/table>\n<!-- #tablepress-1 from cache -->\n\n\t\t<\/div>\n\t<\/div>\n<\/div><\/div><\/div><\/div>\n<\/div>","protected":false},"excerpt":{"rendered":"Ogled &nbsp; Ogled &nbsp; Ogled &nbsp; Ogled &nbsp; Ogled &nbsp; Ogled &nbsp; Ogled &nbsp; Ogled &nbsp; Ogled &nbsp; Ogled &nbsp; Seznam tutorialov TitleComposerFirst publishedStyleDifficulty Nocturne Op 9. no 2Chopin, Fr\u00e9d\u00e9ric 1832Romantic\u2605\u2605\u2605 Prelude in C - Major (BWV 846) \"Ave Maria\"Bach,...","protected":false},"author":2,"featured_media":4644,"parent":0,"menu_order":0,"comment_status":"closed","ping_status":"closed","template":"","meta":{"footnotes":""},"yoast_head":"<!-- This site is optimized with the Yoast SEO plugin v23.2 - https:\/\/yoast.com\/wordpress\/plugins\/seo\/ -->\n<title>Spletna vadnica - Miha Ren\u010delj<\/title>\n<meta name=\"robots\" content=\"index, follow, max-snippet:-1, max-image-preview:large, max-video-preview:-1\" \/>\n<link rel=\"canonical\" href=\"https:\/\/miharencelj.com\/en\/spletna-vadnica\/\" \/>\n<meta property=\"og:locale\" content=\"en_GB\" \/>\n<meta property=\"og:type\" content=\"article\" \/>\n<meta property=\"og:title\" content=\"Spletna vadnica - Miha Ren\u010delj\" \/>\n<meta property=\"og:url\" content=\"https:\/\/miharencelj.com\/en\/spletna-vadnica\/\" \/>\n<meta property=\"og:site_name\" content=\"Miha Ren\u010delj\" \/>\n<meta property=\"article:modified_time\" content=\"2021-11-05T13:54:05+00:00\" \/>\n<meta property=\"og:image\" content=\"https:\/\/miharencelj.com\/wp-content\/uploads\/2020\/12\/Lice-scaled.jpg\" \/>\n\t<meta property=\"og:image:width\" content=\"2560\" \/>\n\t<meta property=\"og:image:height\" content=\"1707\" \/>\n\t<meta property=\"og:image:type\" content=\"image\/jpeg\" \/>\n<meta name=\"twitter:card\" content=\"summary_large_image\" \/>\n<meta name=\"twitter:label1\" content=\"Estimated reading time\" \/>\n\t<meta name=\"twitter:data1\" content=\"1 minute\" \/>\n<script type=\"application\/ld+json\" class=\"yoast-schema-graph\">{\"@context\":\"https:\/\/schema.org\",\"@graph\":[{\"@type\":\"WebPage\",\"@id\":\"https:\/\/miharencelj.com\/spletna-vadnica\/\",\"url\":\"https:\/\/miharencelj.com\/spletna-vadnica\/\",\"name\":\"Spletna vadnica - Miha Ren\u010delj\",\"isPartOf\":{\"@id\":\"https:\/\/miharencelj.com\/#website\"},\"primaryImageOfPage\":{\"@id\":\"https:\/\/miharencelj.com\/spletna-vadnica\/#primaryimage\"},\"image\":{\"@id\":\"https:\/\/miharencelj.com\/spletna-vadnica\/#primaryimage\"},\"thumbnailUrl\":\"https:\/\/miharencelj.com\/wp-content\/uploads\/2020\/12\/Lice-scaled.jpg\",\"datePublished\":\"2021-03-26T11:00:10+00:00\",\"dateModified\":\"2021-11-05T13:54:05+00:00\",\"breadcrumb\":{\"@id\":\"https:\/\/miharencelj.com\/spletna-vadnica\/#breadcrumb\"},\"inLanguage\":\"en-GB\",\"potentialAction\":[{\"@type\":\"ReadAction\",\"target\":[\"https:\/\/miharencelj.com\/spletna-vadnica\/\"]}]},{\"@type\":\"ImageObject\",\"inLanguage\":\"en-GB\",\"@id\":\"https:\/\/miharencelj.com\/spletna-vadnica\/#primaryimage\",\"url\":\"https:\/\/miharencelj.com\/wp-content\/uploads\/2020\/12\/Lice-scaled.jpg\",\"contentUrl\":\"https:\/\/miharencelj.com\/wp-content\/uploads\/2020\/12\/Lice-scaled.jpg\",\"width\":2560,\"height\":1707},{\"@type\":\"BreadcrumbList\",\"@id\":\"https:\/\/miharencelj.com\/spletna-vadnica\/#breadcrumb\",\"itemListElement\":[{\"@type\":\"ListItem\",\"position\":1,\"name\":\"Home\",\"item\":\"https:\/\/miharencelj.com\/\"},{\"@type\":\"ListItem\",\"position\":2,\"name\":\"Spletna vadnica\"}]},{\"@type\":\"WebSite\",\"@id\":\"https:\/\/miharencelj.com\/#website\",\"url\":\"https:\/\/miharencelj.com\/\",\"name\":\"Miha Ren\u010delj\",\"description\":\"Pianist | avtor | instrumentalist\",\"publisher\":{\"@id\":\"https:\/\/miharencelj.com\/#\/schema\/person\/0a81843d9ee1c4b95ffe8a564cb9b485\"},\"potentialAction\":[{\"@type\":\"SearchAction\",\"target\":{\"@type\":\"EntryPoint\",\"urlTemplate\":\"https:\/\/miharencelj.com\/?s={search_term_string}\"},\"query-input\":\"required name=search_term_string\"}],\"inLanguage\":\"en-GB\"},{\"@type\":[\"Person\",\"Organization\"],\"@id\":\"https:\/\/miharencelj.com\/#\/schema\/person\/0a81843d9ee1c4b95ffe8a564cb9b485\",\"name\":\"Miha Ren\u010delj\",\"image\":{\"@type\":\"ImageObject\",\"inLanguage\":\"en-GB\",\"@id\":\"https:\/\/miharencelj.com\/#\/schema\/person\/image\/\",\"url\":\"https:\/\/secure.gravatar.com\/avatar\/ad378a22ba61fdbc84ee043792c96909?s=96&d=mm&r=g\",\"contentUrl\":\"https:\/\/secure.gravatar.com\/avatar\/ad378a22ba61fdbc84ee043792c96909?s=96&d=mm&r=g\",\"caption\":\"Miha Ren\u010delj\"},\"logo\":{\"@id\":\"https:\/\/miharencelj.com\/#\/schema\/person\/image\/\"},\"sameAs\":[\"https:\/\/miharencelj.com\/\"]}]}<\/script>\n<!-- \/ Yoast SEO plugin. -->","yoast_head_json":{"title":"Spletna vadnica - Miha Ren\u010delj","robots":{"index":"index","follow":"follow","max-snippet":"max-snippet:-1","max-image-preview":"max-image-preview:large","max-video-preview":"max-video-preview:-1"},"canonical":"https:\/\/miharencelj.com\/en\/spletna-vadnica\/","og_locale":"en_GB","og_type":"article","og_title":"Spletna vadnica - Miha Ren\u010delj","og_url":"https:\/\/miharencelj.com\/en\/spletna-vadnica\/","og_site_name":"Miha Ren\u010delj","article_modified_time":"2021-11-05T13:54:05+00:00","og_image":[{"width":2560,"height":1707,"url":"https:\/\/miharencelj.com\/wp-content\/uploads\/2020\/12\/Lice-scaled.jpg","type":"image\/jpeg"}],"twitter_card":"summary_large_image","twitter_misc":{"Estimated reading time":"1 minute"},"schema":{"@context":"https:\/\/schema.org","@graph":[{"@type":"WebPage","@id":"https:\/\/miharencelj.com\/spletna-vadnica\/","url":"https:\/\/miharencelj.com\/spletna-vadnica\/","name":"Spletna vadnica - Miha Ren\u010delj","isPartOf":{"@id":"https:\/\/miharencelj.com\/#website"},"primaryImageOfPage":{"@id":"https:\/\/miharencelj.com\/spletna-vadnica\/#primaryimage"},"image":{"@id":"https:\/\/miharencelj.com\/spletna-vadnica\/#primaryimage"},"thumbnailUrl":"https:\/\/miharencelj.com\/wp-content\/uploads\/2020\/12\/Lice-scaled.jpg","datePublished":"2021-03-26T11:00:10+00:00","dateModified":"2021-11-05T13:54:05+00:00","breadcrumb":{"@id":"https:\/\/miharencelj.com\/spletna-vadnica\/#breadcrumb"},"inLanguage":"en-GB","potentialAction":[{"@type":"ReadAction","target":["https:\/\/miharencelj.com\/spletna-vadnica\/"]}]},{"@type":"ImageObject","inLanguage":"en-GB","@id":"https:\/\/miharencelj.com\/spletna-vadnica\/#primaryimage","url":"https:\/\/miharencelj.com\/wp-content\/uploads\/2020\/12\/Lice-scaled.jpg","contentUrl":"https:\/\/miharencelj.com\/wp-content\/uploads\/2020\/12\/Lice-scaled.jpg","width":2560,"height":1707},{"@type":"BreadcrumbList","@id":"https:\/\/miharencelj.com\/spletna-vadnica\/#breadcrumb","itemListElement":[{"@type":"ListItem","position":1,"name":"Home","item":"https:\/\/miharencelj.com\/"},{"@type":"ListItem","position":2,"name":"Spletna vadnica"}]},{"@type":"WebSite","@id":"https:\/\/miharencelj.com\/#website","url":"https:\/\/miharencelj.com\/","name":"Miha Ren\u010delj","description":"Pianist | avtor | instrumentalist","publisher":{"@id":"https:\/\/miharencelj.com\/#\/schema\/person\/0a81843d9ee1c4b95ffe8a564cb9b485"},"potentialAction":[{"@type":"SearchAction","target":{"@type":"EntryPoint","urlTemplate":"https:\/\/miharencelj.com\/?s={search_term_string}"},"query-input":"required name=search_term_string"}],"inLanguage":"en-GB"},{"@type":["Person","Organization"],"@id":"https:\/\/miharencelj.com\/#\/schema\/person\/0a81843d9ee1c4b95ffe8a564cb9b485","name":"Miha Ren\u010delj","image":{"@type":"ImageObject","inLanguage":"en-GB","@id":"https:\/\/miharencelj.com\/#\/schema\/person\/image\/","url":"https:\/\/secure.gravatar.com\/avatar\/ad378a22ba61fdbc84ee043792c96909?s=96&d=mm&r=g","contentUrl":"https:\/\/secure.gravatar.com\/avatar\/ad378a22ba61fdbc84ee043792c96909?s=96&d=mm&r=g","caption":"Miha Ren\u010delj"},"logo":{"@id":"https:\/\/miharencelj.com\/#\/schema\/person\/image\/"},"sameAs":["https:\/\/miharencelj.com\/"]}]}},"_links":{"self":[{"href":"https:\/\/miharencelj.com\/en\/wp-json\/wp\/v2\/pages\/4792"}],"collection":[{"href":"https:\/\/miharencelj.com\/en\/wp-json\/wp\/v2\/pages"}],"about":[{"href":"https:\/\/miharencelj.com\/en\/wp-json\/wp\/v2\/types\/page"}],"author":[{"embeddable":true,"href":"https:\/\/miharencelj.com\/en\/wp-json\/wp\/v2\/users\/2"}],"replies":[{"embeddable":true,"href":"https:\/\/miharencelj.com\/en\/wp-json\/wp\/v2\/comments?post=4792"}],"version-history":[{"count":57,"href":"https:\/\/miharencelj.com\/en\/wp-json\/wp\/v2\/pages\/4792\/revisions"}],"predecessor-version":[{"id":4939,"href":"https:\/\/miharencelj.com\/en\/wp-json\/wp\/v2\/pages\/4792\/revisions\/4939"}],"wp:featuredmedia":[{"embeddable":true,"href":"https:\/\/miharencelj.com\/en\/wp-json\/wp\/v2\/media\/4644"}],"wp:attachment":[{"href":"https:\/\/miharencelj.com\/en\/wp-json\/wp\/v2\/media?parent=4792"}],"curies":[{"name":"wp","href":"https:\/\/api.w.org\/{rel}","templated":true}]}}