{"version":"1.0","provider_name":"Miha Ren\u010delj","provider_url":"https:\/\/miharencelj.com\/en","author_name":"Miha Ren\u010delj","author_url":"https:\/\/miharencelj.com\/en\/author\/mihauredisplet\/","title":"O dolo\u010deni osebi - Miha Ren\u010delj","type":"rich","width":600,"height":338,"html":"<blockquote class=\"wp-embedded-content\" data-secret=\"0vESaWmqgg\"><a href=\"https:\/\/miharencelj.com\/en\/posnetek\/o-doloceni-osebi\/\">O dolo\u010deni osebi<\/a><\/blockquote><iframe sandbox=\"allow-scripts\" security=\"restricted\" src=\"https:\/\/miharencelj.com\/en\/posnetek\/o-doloceni-osebi\/embed\/#?secret=0vESaWmqgg\" width=\"600\" height=\"338\" title=\"&#8220;O dolo\u010deni osebi&#8221; &#8212; Miha Ren\u010delj\" data-secret=\"0vESaWmqgg\" frameborder=\"0\" marginwidth=\"0\" marginheight=\"0\" scrolling=\"no\" class=\"wp-embedded-content\"><\/iframe><script type=\"text\/javascript\">\n\/* <![CDATA[ *\/\n\/*! This file is auto-generated *\/\n!function(d,l){\"use strict\";l.querySelector&&d.addEventListener&&\"undefined\"!=typeof URL&&(d.wp=d.wp||{},d.wp.receiveEmbedMessage||(d.wp.receiveEmbedMessage=function(e){var t=e.data;if((t||t.secret||t.message||t.value)&&!\/[^a-zA-Z0-9]\/.test(t.secret)){for(var s,r,n,a=l.querySelectorAll('iframe[data-secret=\"'+t.secret+'\"]'),o=l.querySelectorAll('blockquote[data-secret=\"'+t.secret+'\"]'),c=new RegExp(\"^https?:$\",\"i\"),i=0;i<o.length;i++)o[i].style.display=\"none\";for(i=0;i<a.length;i++)s=a[i],e.source===s.contentWindow&&(s.removeAttribute(\"style\"),\"height\"===t.message?(1e3<(r=parseInt(t.value,10))?r=1e3:~~r<200&&(r=200),s.height=r):\"link\"===t.message&&(r=new URL(s.getAttribute(\"src\")),n=new URL(t.value),c.test(n.protocol))&&n.host===r.host&&l.activeElement===s&&(d.top.location.href=t.value))}},d.addEventListener(\"message\",d.wp.receiveEmbedMessage,!1),l.addEventListener(\"DOMContentLoaded\",function(){for(var e,t,s=l.querySelectorAll(\"iframe.wp-embedded-content\"),r=0;r<s.length;r++)(t=(e=s[r]).getAttribute(\"data-secret\"))||(t=Math.random().toString(36).substring(2,12),e.src+=\"#?secret=\"+t,e.setAttribute(\"data-secret\",t)),e.contentWindow.postMessage({message:\"ready\",secret:t},\"*\")},!1)))}(window,document);\n\/* ]]> *\/\n<\/script>","thumbnail_url":"https:\/\/miharencelj.com\/wp-content\/uploads\/Dendeion-Childern.jpg","thumbnail_width":472,"thumbnail_height":472,"description":"O dolo\u010deni osebi je skladba, s katero so se skupina Intimn Frizurn in Jure Kremen\u0161ek, pevec in basist skupine Dendelion Children, uvrstili na kompliacijsko zgo\u0161\u010denko Val 09. Sam sem pri produkciji skladbe sodeloval kot gost na klavirju. &nbsp; O dolo\u010deni..."}